{"id":6437,"date":"2019-12-02T14:03:42","date_gmt":"2019-12-02T14:03:42","guid":{"rendered":"https:\/\/euprojects.al\/development-of-csos-for-foster-care-in-albania\/"},"modified":"2020-07-08T11:41:53","modified_gmt":"2020-07-08T11:41:53","slug":"development-of-csos-for-foster-care-in-albania","status":"publish","type":"euprojects","link":"https:\/\/euprojects.al\/sq\/euprojects\/development-of-csos-for-foster-care-in-albania\/","title":{"rendered":"Zhvillimi i OSHC-s\u00eb p\u00ebr Kujdestarin\u00eb n\u00eb Shqip\u00ebri"},"content":{"rendered":"<p>Projekti kontribuon pozitivisht n\u00eb mbrojtjen e f\u00ebmij\u00ebve n\u00eb Shqip\u00ebri duke p\u00ebrmir\u00ebsuar sistemin e mir\u00ebqenies s\u00eb f\u00ebmij\u00ebve p\u00ebrmes ofrimit t\u00eb sh\u00ebrbimeve t\u00eb p\u00ebrshtatshme p\u00ebr f\u00ebmij\u00ebt pa p\u00ebrkujdes prind\u00ebror n\u00eb vendet e synua.ra; n\u00eb aspektin financiar do t\u00eb ul\u00eb koston p\u00ebr nj\u00eb f\u00ebmij\u00eb n\u00eb p\u00ebrkujdesje alternative.<\/p>\n","protected":false},"excerpt":{"rendered":"<p>Projekti kontribuon pozitivisht n\u00eb mbrojtjen e f\u00ebmij\u00ebve n\u00eb Shqip\u00ebri duke p\u00ebrmir\u00ebsuar sistemin e mir\u00ebqenies s\u00eb f\u00ebmij\u00ebve p\u00ebrmes ofrimit t\u00eb sh\u00ebrbimeve t\u00eb p\u00ebrshtatshme p\u00ebr f\u00ebmij\u00ebt pa p\u00ebrkujdes prind\u00ebror n\u00eb vendet e synua.ra; n\u00eb aspektin financiar do t\u00eb ul\u00eb koston p\u00ebr nj\u00eb f\u00ebmij\u00eb n\u00eb p\u00ebrkujdesje alternative.<\/p>\n","protected":false},"featured_media":0,"parent":0,"menu_order":0,"template":"","class_list":["post-6437","euprojects","type-euprojects","status-publish","hentry","area_types-national-sq","sectors-alternative-care-sq","municipality-durres","municipality-korca-2","municipality-tirana","beneficiary-candidate-foster-families-sq","beneficiary-children-in-foster-care-sq","beneficiary-civil-society-organisations-sq","beneficiaries_sector-foster-families-sq","beneficiaries_sector-children-in-foster-care-sq","beneficiaries_sector-civil-society-organisations-sq","beneficiaries_sector-citizens-sq"],"acf":[],"ptb_metabox":{"ptb_euprojects_project_status":"N\u00eb vazhdim","ptb_euprojects_project_timeline":{"euprojects_project_timeline_1":"53"},"ptb_euprojects_timeline":"Prill 2018 - Mars 2021","ptb_euprojects_implementation_partners":"SOS Fshatrat e F\u00ebmij\u00ebve Shqip\u00ebri","ptb_euprojects_overall_objective":"<p style=\"background: white;\"><span lang=\"SQ\" style=\"font-size: 12.5pt; font-family: 'Poppins','serif'; color: #303030;\">Mb\u00ebshtetja e praktikave t\u00eb mira dhe modelet e mbrojtjes s\u00eb f\u00ebmij\u00ebve nga abuzimi dhe dhuna, mb\u00ebshtetja e p\u00ebrkujdesjes alternative, p\u00ebrforcimi i familjes, arsimit gjith\u00ebp\u00ebrfshir\u00ebs dhe zhvillimit t\u00eb hersh\u00ebm t\u00eb f\u00ebmij\u00ebve me nj\u00eb fokus t\u00eb ve\u00e7ant\u00eb n\u00eb grupet e cenueshme dhe ato t\u00eb minoriteteve.<\/span><\/p>","ptb_euprojects_expected_resultss":"\u2022 Deri n\u00eb fund t\u00eb vitit 2020, OSHC-t\u00eb vendore do t\u00eb rrisin nd\u00ebrgjegj\u00ebsimin publik, bashk\u00ebpunimin me komunitetet dhe p\u00ebrfshirjen e familjeve kujdestare n\u00eb rajonet e Durr\u00ebsit, Tiran\u00ebs dhe Kor\u00e7\u00ebs\r\n\u2022 P\u00ebrmir\u00ebsimi i zhvillimit t\u00eb kujdestaris\u00eb duke rritur kompetencat e stafit social n\u00eb rajonet e Durr\u00ebsit, Tiran\u00ebs dhe Kor\u00e7\u00ebs\r\n\u2022 Komuniteti \u00ebsht\u00eb informuar si\u00e7 duhet n\u00eb lidhje me domosdoshm\u00ebrin\u00eb e zhvillimit t\u00eb kujdestaris\u00eb n\u00eb vendet si Tirana, Durr\u00ebsi dhe Kor\u00e7a; t\u00eb pakt\u00ebn 390 t\u00eb rritur jan\u00eb t\u00eb mir\u00eb-informuar dhe sensibilizuar nga OSHC-t\u00eb\r\n\u2022 120 familje kandidate shprehin vullnetin e tyre p\u00ebr t\u00eb qen\u00eb familje kujdestare p\u00ebr t\u00eb kontribuar n\u00eb mir\u00ebqenien e f\u00ebmij\u00ebve pa kujdes prind\u00ebror, t\u00eb identifikuar nga OSHC-t\u00eb.\r\n\u2022 60 familje kandidate plot\u00ebsojn\u00eb kriteret administrative p\u00ebr t\u00eb qen\u00eb familje kujdestare, nga t\u00eb cilat 30 familje fillojn\u00eb me sukses t\u00eb p\u00ebrdorin sh\u00ebrbime t\u00eb kujdestaris\u00eb dhe t\u00eb regjistrohen si familje t\u00eb kujdestaris\u00eb\r\n\u2022 Ekipi baz\u00eb \u00ebsht\u00eb themeluar me 10 f\u00ebmij\u00eb \/ t\u00eb rinj n\u00eb p\u00ebrkujdesje alternative\r\n\u2022 Praktikat pozitive, m\u00ebsimet e nxjerra, zhvillimet e fundit dhe ekspertiza jan\u00eb transmetuar n\u00eb Konferenc\u00ebn Komb\u00ebtare \"Kujdestaria \u00ebsht\u00eb zgjidhja\" me pjes\u00ebmarrjen e 120 aktor\u00ebve publik dhe jo publik\r\n\u2022 Niveli i ekspertiz\u00ebs dhe aft\u00ebsive p\u00ebr p\u00ebrgjigje profesionale n\u00eb lidhje me \u00e7\u00ebshtjet e kujdestaris\u00eb \u00ebsht\u00eb rritur me t\u00eb pakt\u00ebn 70 punonj\u00ebs social\u00eb dhe pal\u00eb ky\u00e7e q\u00eb punojn\u00eb n\u00eb nivelin lokal\r\n\u2022 N\u00eb 3 bashki pilote, \u00ebsht\u00eb zhvilluar regjistri i posa\u00e7\u00ebm i familjeve kujdestare dhe do t\u00eb filloj\u00eb t\u00eb funksionoj\u00eb rregullisht\r\n\u2022 T\u00eb pakt\u00ebn 10 gjyqtar\u00eb kan\u00eb nd\u00ebrtuar aft\u00ebsin\u00eb e tyre p\u00ebr t\u00eb punuar n\u00eb aspektet \/ procedurat sociale t\u00eb \u00e7\u00ebshtjeve t\u00eb kujdestaris\u00eb\r\n\u2022 T\u00eb pakt\u00ebn 15 personel lokal aplikojn\u00eb njohuri t\u00eb reja t\u00eb marra pas vizit\u00ebs studimore n\u00eb nj\u00eb rajon \/ vend me praktika t\u00eb mira n\u00eb kujdestarin\u00eb","ptb_euprojects_activities_":"<p style=\"margin: 0in; margin-bottom: .0001pt; background: white;\"><span lang=\"SQ\" style=\"font-size: 12.5pt; font-family: 'Poppins','serif'; color: #303030;\">\u2022 Vendet e lira t\u00eb shpallura dhe rekrutimi i stafit t\u00eb projektit\r\n\u2022 Fillimi i takimit t\u00eb brendsh\u00ebm t\u00eb projektit\r\n\u2022 Krijimi i bordit t\u00eb projektit\r\n\u2022 Materiale p\u00ebr vizibilitetin e kujdestaris\u00eb dhe promovimi n\u00eb TV\r\n<\/span><span lang=\"SQ\" style=\"font-size: 12.5pt; font-family: 'Poppins','serif'; color: #303030;\">\u2022 Zhvillimi dhe zbatimi i procedurave t\u00eb n\u00ebn-dh\u00ebnies p\u00ebr OShC-t\u00eb\r\n\u2022 OSHC-t\u00eb sensibilizojn\u00eb 390 t\u00eb rritur\/prind\u00ebr p\u00ebr \u00e7\u00ebshtjet e kujdestaris\u00eb\r\n\u2022 OSHC-t\u00eb identifikojn\u00eb 120 t\u00eb rritur \/ familje vullnetare\r\n\u2022 OSHC-t\u00eb mb\u00ebshtesin p\u00ebrgatitjen e procedurave administrative deri n\u00eb 60 t\u00eb rritur \/ familje kandidate dhe mb\u00ebshtesin regjistrimin t\u00eb 30 familjeve kujdestare\r\n\u2022 T\u00eb rinjt\u00eb jan\u00eb trajnuar n\u00eb \"Advokim dhe Rrjet\u00ebzim\" \"T\u00eb Drejtat e F\u00ebmij\u00ebve\" dhe \"Kujdestaria\"\r\n\u2022 Shk\u00ebmbimi i t\u00eb rinjve Shqip\u00ebri - Kosov\u00eb\r\n\u2022 Konferenca Komb\u00ebtare \"Kujdestaria \u00ebsht\u00eb zgjidhja\" me pjes\u00ebmarrjen e 120 aktor\u00ebve publik dhe jo publik\r\n\u2022 Zhvillimi i metodologjis\u00eb s\u00eb trajnimit p\u00ebr kujdestarin\u00eb\r\n\u2022 Trajnimi \u201cKujdestaria\u201d me 70 pjes\u00ebmarr\u00ebs, OSHC-t\u00eb dhe pal\u00ebt ky\u00e7e\r\n\u2022 Trajnim p\u00ebr 15 pal\u00eb ky\u00e7e vendase\r\n\u2022 Takim informues p\u00ebr kujdestarin\u00eb p\u00ebr 15 gjyqtar\u00eb kandidat\u00eb n\u00eb Shkoll\u00ebn e Magjistratur\u00ebs\r\n\u2022 \u201cT\u00eb nx\u00ebnit p\u00ebrmes praktik\u00ebs\u201d - 15 gjyqtar\u00eb vizitojn\u00eb modele t\u00eb kujdestaris\u00eb familjare \/ familje kujdestare\r\n\u2022 Vizit\u00eb studimore n\u00eb Republik\u00ebn \u00c7eke<\/span><\/p>","ptb_gallery_1":{"url":[""],"link":[""],"title":[""],"description":[""]},"ptb_file_2":{"url":[""],"title":[""]},"ptb_video_1":{"url":[""],"title":[""],"description":[""]},"ptb_euprojects_eud_contact_point":"<p style=\"background: white;\"><span lang=\"SQ\" style=\"font-size: 12.5pt; font-family: 'Poppins','serif'; color: #303030;\">Erol Akdag<\/span><\/p>\r\n<p style=\"background: white;\"><span lang=\"SQ\" style=\"font-size: 12.5pt; font-family: 'Poppins','serif'; color: #303030;\">erol.akdag@eeas.europa.eu<\/span><\/p>"},"ptb_taxonomy":{"area_types":[{"term_id":884,"name":"Komb\u00ebtare","slug":"national-sq","term_group":0,"term_taxonomy_id":884,"taxonomy":"area_types","description":"","parent":0,"count":49,"filter":"raw"}],"municipality":[{"term_id":445,"name":"Durr\u00ebs","slug":"durres","term_group":0,"term_taxonomy_id":445,"taxonomy":"municipality","description":"","parent":0,"count":33,"filter":"raw"},{"term_id":415,"name":"Kor\u00e7a-OLD","slug":"korca-2","term_group":0,"term_taxonomy_id":415,"taxonomy":"municipality","description":"","parent":0,"count":1,"filter":"raw"},{"term_id":51,"name":"Tirana-OLD","slug":"tirana","term_group":0,"term_taxonomy_id":51,"taxonomy":"municipality","description":"","parent":0,"count":3,"filter":"raw"}],"sectors":[{"term_id":1015,"name":"Kujdesi alternativ","slug":"alternative-care-sq","term_group":0,"term_taxonomy_id":1015,"taxonomy":"sectors","description":"","parent":0,"count":1,"filter":"raw"}],"beneficiaries_sector":[{"term_id":1146,"name":"Familjet kujdestare","slug":"foster-families-sq","term_group":0,"term_taxonomy_id":1146,"taxonomy":"beneficiaries_sector","description":"","parent":0,"count":1,"filter":"raw"},{"term_id":1145,"name":"F\u00ebmij\u00ebt n\u00eb kujdestari","slug":"children-in-foster-care-sq","term_group":0,"term_taxonomy_id":1145,"taxonomy":"beneficiaries_sector","description":"","parent":990,"count":1,"filter":"raw"},{"term_id":982,"name":"Organizatat e Qeveris\u00eb Civile","slug":"civil-society-organisations-sq","term_group":0,"term_taxonomy_id":982,"taxonomy":"beneficiaries_sector","description":"","parent":0,"count":26,"filter":"raw"},{"term_id":990,"name":"Qytetar\u00ebt","slug":"citizens-sq","term_group":0,"term_taxonomy_id":990,"taxonomy":"beneficiaries_sector","description":"","parent":0,"count":42,"filter":"raw"}],"beneficiary":[{"term_id":1099,"name":"Familjet kandidate kujdestare","slug":"candidate-foster-families-sq","term_group":0,"term_taxonomy_id":1099,"taxonomy":"beneficiary","description":"","parent":0,"count":1,"filter":"raw"},{"term_id":1100,"name":"F\u00ebmij\u00ebt n\u00eb kujdestari","slug":"children-in-foster-care-sq","term_group":0,"term_taxonomy_id":1100,"taxonomy":"beneficiary","description":"","parent":0,"count":1,"filter":"raw"},{"term_id":996,"name":"Organizatat e Shoq\u00ebris\u00eb Civile","slug":"civil-society-organisations-sq","term_group":0,"term_taxonomy_id":996,"taxonomy":"beneficiary","description":"","parent":0,"count":4,"filter":"raw"}]},"ptb_featured_image":null,"_links":{"self":[{"href":"https:\/\/euprojects.al\/sq\/wp-json\/wp\/v2\/euprojects\/6437","targetHints":{"allow":["GET"]}}],"collection":[{"href":"https:\/\/euprojects.al\/sq\/wp-json\/wp\/v2\/euprojects"}],"about":[{"href":"https:\/\/euprojects.al\/sq\/wp-json\/wp\/v2\/types\/euprojects"}],"wp:attachment":[{"href":"https:\/\/euprojects.al\/sq\/wp-json\/wp\/v2\/media?parent=6437"}],"curies":[{"name":"wp","href":"https:\/\/api.w.org\/{rel}","templated":true}]}}